{"id":66,"date":"2018-11-04T21:35:22","date_gmt":"2018-11-04T21:35:22","guid":{"rendered":"http:\/\/kalevala-epos.de\/?page_id=66"},"modified":"2022-05-03T19:56:09","modified_gmt":"2022-05-03T19:56:09","slug":"materialis","status":"publish","type":"page","link":"http:\/\/kalevala-epos.de\/","title":{"rendered":"Kalevala"},"content":{"rendered":"<div  data-label=\"About\" data-id=\"about--5\" data-export-id=\"about-4\" data-category=\"about\" class=\"about-4 content-section content-section-spacing-large\" id=\"about-1\" style=\"background-color: rgb(245, 250, 253);\"><div  class=\"gridContainer\"> <div  class=\"row middle-sm text-center\"><div  class=\"col-sm-5 space-bottom-xs\" data-type=\"column\"> <h5  class=\"\">Unser letzter Auff\u00fchrungstermin war\n<br > am 26.10.2021<\/h5>  <p  class=\"\">Die Auff\u00fchrung fand in Puchheim bei M\u00fcnchen statt, Gastgeber war der deutsch-finnische Freundeskreis.\n<br ><br >Das Publikum hat sich \u00fcber einen ungew\u00f6hnlichen Abend gefreut. Dies war unsere dritte Auff\u00fchrung des Kalevala und es waren tats\u00e4chlich Zuschauer dabei, die alle drei Termine gesehen haben \ud83d\ude42<br >\nWenn auch Sie zuk\u00fcnftig informiert werden wollen, schreiben Sie einfach an ab@astridbruggemann.com<\/p> <\/div> <div  class=\"col-sm-7 flexbox center-xs middle-xs image-group-2-img padding-top-bottom\"> <img  class=\"img-1 rounded mdc-elevation--z10\" data-size=\"250x200\" src=\"http:\/\/kalevala-epos.de\/wp-content\/uploads\/2019\/04\/cropped-DSCF8829-3.jpg\"> <img  class=\"img-2 rounded mdc-elevation--z10\" data-size=\"220x170\" src=\"http:\/\/kalevala-epos.de\/wp-content\/uploads\/2019\/04\/cropped-DSCF8800-2.jpg\"><\/div> <\/div><\/div> <\/div><div  id=\"was-ist-das-kalevala\" class=\"about-10 content-section content-section-spacing-large\" style=\"background-color: #f5fafd;\" data-label=\"Was ist das Kalevala\" data-id=\"about--4\" data-export-id=\"about-10\" data-category=\"about\">\n<div  class=\"gridContainer\">\n<div  class=\"row middle-sm text-center\">\n<div  class=\"col-sm-5 space-bottom-xs content-column content-left-sm\" data-type=\"column\">\n<h2  class=\"\">Was ist das Kalevala?<\/h2>\n<p  class=\"\">Das Kalevala ist ein von Elias L\u00f6nnrot im 19. Jahrhundert auf der Grundlage von m\u00fcndlich \u00fcberlieferter finnischer Mythologie zusammengestelltes Epos.\nEs gilt als finnisches Nationalepos und z\u00e4hlt so zu den wichtigsten literarischen Werken in finnischer Sprache.\n\nDas Kalevala hat die finnische Kultur in nicht zu untersch\u00e4tzender Weise gepr\u00e4gt und wurde zur Inspiration f\u00fcr zahlreiche K\u00fcnstler in Literatur, Musik, Bildender Kunst, Film und Theater. So verarbeitete z.B. J. R. R. Tolkien in seinem Werk zahlreiche Einfl\u00fcsse aus dem Kalevala.<\/p>\nDer alten Zaubers\u00e4nger V\u00e4in\u00e4m\u00f6inen zum Beispiel stand Pate f\u00fcr Gandalf.\n\n<\/div>\n<div  class=\"col-sm-7 flexbox middle-xs center-xs\">\n<div  class=\"overlay-box middle-xs center-xs flexbox box-image\">\n<div  class=\"overlay-box-offset offset-border mdc-elevation--z5 border-color1 hide-xs border-radius-8 max-image\"><\/div>\n<img  class=\"mdc-elevation--z10 rounded max-image\" src=\"http:\/\/kalevala-epos.de\/wp-content\/uploads\/2018\/11\/cropped-Nordlandtoc-hter_quer-3.jpg\" data-size=\"480x700\">\n\n<\/div>\n<\/div>\n<\/div>\n<\/div>\n<\/div><div  id=\"was-fasziniert\" class=\"portfolio-2-materialis content-section-spacing-large content-section bg-color-white\" style=\"background-image: none; background-color: #f5fafd;\" data-label=\"Was fasziniert\" data-id=\"portfolio--1\" data-export-id=\"portfolio-2-materialis\" data-category=\"portfolio\">\n<div  class=\"gridContainer\">\n<div  class=\"row\">\n<div  class=\"section-title-col\" data-type=\"column\">\n<h2  class=\"\">Was fasziniert uns so am Kalevala?<\/h2>\n<p  class=\"lead\"><\/p>\n\n<\/div>\n<\/div>\n<div  class=\"row text-left spaced-cols\" data-type=\"row\" data-fixed=\"true\">\n<div  class=\"col-md-4 col-sm-6 col-xs-12\">\n<div  class=\"card mdc-elevation--z3 no-padding\" data-hover-fx=\"portfolio-1\">\n<div  class=\"image\"><img  src=\"http:\/\/kalevala-epos.de\/wp-content\/uploads\/2018\/11\/cropped-beach-3444288_1280.jpg\" data-size=\"375x220\"><\/div>\n<div  class=\"text col-padding col-xs-12\">\n<h6  class=\"color4 font-400\">Uns als Erz\u00e4hlerinnen fasziniert es ganz besonders, dass die Protagonisten im Kalevala keine strahlenden Helden sind, die fernab vom Volk ihre Heldentaten vollbringen. Vielmehr leben sie als einfache Fischer, Handwerker und Bauern, obwohl sie viel Weisheit und sogar magische Kr\u00e4fte besitzen.<\/h6>\n<\/div>\n<\/div>\n<\/div>\n<div  class=\"col-md-4 col-sm-6 col-xs-12\">\n<div  class=\"card mdc-elevation--z3 no-padding\" data-hover-fx=\"portfolio-1\">\n<div  class=\"image\"><img  src=\"http:\/\/kalevala-epos.de\/wp-content\/uploads\/2018\/11\/cropped-V\u00e4in\u00e4m\u00f6inen_quer-8.jpg\" data-size=\"375x220\"><\/div>\n<div  class=\"text col-padding col-xs-12\" data-type=\"column\">\n<h6  class=\"color2 font-400\">So verbinden sich z.B. im wichtigsten Protagonisten des Kalevala, dem alten und weisen S\u00e4nger V\u00e4in\u00e4m\u00f6inen, die Z\u00fcge eines Sagenhelden, eines Schamanen und einer mythischen Gottheit. Das Kalevala ist urspr\u00fcnglich in Versen verfasst, die auch noch in der deutschen \u00dcbersetzung von einer sprachlichen Vielfalt und Sch\u00f6nheit sind, die ihres gleichen sucht.<\/h6>\n<\/div>\n<\/div>\n<\/div>\n<div  class=\"col-md-4 col-sm-6 col-xs-12\">\n<div  class=\"card mdc-elevation--z3 no-padding\" data-hover-fx=\"portfolio-1\">\n<div  class=\"image\"><img  src=\"http:\/\/kalevala-epos.de\/wp-content\/uploads\/2018\/11\/cropped-DSC04893.jpg\" data-size=\"375x220\"><\/div>\n<div  class=\"text col-padding col-xs-12\" data-type=\"column\">\n<h6  class=\"color5 font-400\">Diese Verse in eine Erz\u00e4hlsprache zu bringen, die einerseits dem Originaltext gerecht wird und andererseits auch f\u00fcr Zuh\u00f6rer ohne Bezug zu diesem Stoff gut verst\u00e4ndlich ist, ist eine Herausforderung, die wir sehr reizvoll finden.<\/h6>\n<\/div>\n<\/div>\n<\/div>\n<\/div>\n<\/div>\n<\/div><div  id=\"wie-kam-es-dazu\" class=\"about-9 content-section content-section-spacing-large\" style=\"background-color: #f5fafd;\" data-label=\"Wie kam es dazu\" data-id=\"about--1\" data-export-id=\"about-9\" data-category=\"about\">\n<div  class=\"gridContainer\">\n<div  class=\"row middle-sm text-center\">\n<div  class=\"col-sm-5 space-bottom-xs content-column content-left-sm\" data-type=\"column\">\n<h2  class=\"\">Wie kam es zu dem Projekt?<\/h2>\n<p  class=\"\">Wir sind vier M\u00fcnchner Erz\u00e4hlerinnen und fanden uns bei einem Treffen des Vereins Wortschatz e.V. zu einer Arbeitsgruppe zusammen. Uns alle verbindet die Begeisterung f\u00fcr das Kalevala und der Wunsch, dieses ganz besondere Heldenepos f\u00fcr ein modernes Publikum auf die B\u00fchne zu bringen.<\/p>\n<a class=\"link\" href=\"http:\/\/wortschatz-muenchen.de\" target=\"_blank\" rel=\"noopener noreferrer\" data-cp-link=\"1\">WortSchatz M\u00fcnchen<\/a>\n\n<\/div>\n<div  class=\"col-sm-7 flexbox flexbox middle-xs center-xs\">\n<div  class=\"overlay-box flexbox middle-xs center-xs overlay-holder \">\n<div  class=\"overlay-box-offset offset-background mdc-elevation--z5 bg-color2 hide-xs border-radius-8\"><\/div>\n<img  class=\"flexbox mdc-elevation--z10 img1 rounded\" src=\"http:\/\/kalevala-epos.de\/wp-content\/uploads\/2018\/11\/cropped-tree-2459444_1280.jpg\">\n\n<\/div>\n<\/div>\n<\/div>\n<\/div>\n<\/div><div  id=\"wer-sind-wir\" class=\"team-8m content-section content-section-spacing-large\" style=\"background-color: #f5fafd;\" data-label=\"Wer sind wir\" data-id=\"team--1\" data-export-id=\"team-8-materialis\" data-category=\"team\">\n<div  class=\"gridContainer\">\n<div  class=\"row space-bottom\">\n<div  class=\"section-title-col\" data-type=\"column\">\n<h2  class=\"\">Wer sind wir?<\/h2>\n<\/div>\n<\/div>\n<div  class=\"row spaced-cols content-left-sm\" data-type=\"row\">\n<div  class=\"col-sm-12 col-md-6\">\n<div  class=\"row\">\n<div  class=\"col-sm-6 col-md-6\">\n<div  class=\"card mdc-elevation--z3 no-radius image-holder\"><img  class=\"face no-margin-bottom\" src=\"http:\/\/kalevala-epos.de\/wp-content\/uploads\/2018\/11\/cropped-AstridBr\u00fcggemann-1.jpg\"><\/div>\n<\/div>\n<div  class=\"col-sm-6 col-md-6\">\n<div  class=\"description-container use-section-text-color\" data-type=\"column\">\n<h4  class=\"no-margin-bottom\">Astrid Br\u00fcggemann<\/h4>\n<p  class=\"\">Professionelle Geschichtenerz\u00e4hlerin und Speakerin. Alte Geschichten faszinieren mich besonders. Wenn ein Stoff viele Jahrhunderte \u00fcberdauert hat und heute noch rezipiert wird, dann steckt darin eine Botschaft! Geschichten k\u00f6nnen bewegen, ber\u00fchren, begeistern. Geschichten sind Wellness f\u00fcr die Seele!<\/p>\n<a class=\"link\" href=\"https:\/\/astridbruggemann.com\/sonntagsmaerchen\" target=\"_blank\" rel=\"noopener noreferrer\" data-cp-link=\"1\">Astrid Br\u00fcggemann<\/a>\n<div  class=\"social-icons-group col-no-padding\" data-type=\"group\"><\/div>\n<\/div>\n<\/div>\n<\/div>\n<\/div>\n<div  class=\"col-sm-12 col-md-6\">\n<div  class=\"row\">\n<div  class=\"col-sm-6 col-md-6\">\n<div  class=\"card mdc-elevation--z3 no-radius image-holder\"><img  class=\"face no-margin-bottom\" src=\"http:\/\/kalevala-epos.de\/wp-content\/uploads\/2018\/11\/cropped-BarbaraGreinerBurkert-2.jpg\"><\/div>\n<\/div>\n<div  class=\"col-sm-6 col-md-6\">\n<div  class=\"description-container use-section-text-color\" data-type=\"column\">\n<h4  class=\"no-margin-bottom\">Barbara Greiner-Burkert<\/h4>\n<p  class=\"\">Hauptberufliche Geschichtenerz\u00e4hlerin und Dozentin f\u00fcr freies Erz\u00e4hlen und Erz\u00e4hlp\u00e4dagogik.<\/p>\nZusammen mit ihrer Kollegin Karin Wedra leitet sie die M\u00fcnchner Erz\u00e4hlschule \u201eDie Sprechwerker\u201c.\n\n<a class=\"link\" href=\"http:\/\/die-sprechwerker.de\" target=\"_blank\" rel=\"noopener noreferrer\" data-cp-link=\"1\">Barbara Greiner-Burkert<\/a>\n<div  class=\"social-icons-group col-no-padding\" data-type=\"group\"><\/div>\n<\/div>\n<\/div>\n<\/div>\n<\/div>\n\n<div  class=\"col-sm-12 col-md-6\">\n<div  class=\"row\">\n<div  class=\"col-sm-6 col-md-6\">\n<div  class=\"card mdc-elevation--z3 no-radius image-holder\"><img  class=\"face no-margin-bottom\" src=\"http:\/\/kalevala-epos.de\/wp-content\/uploads\/2018\/11\/cropped-HeikePahl1-1.jpg\"><\/div>\n<\/div>\n<div  class=\"col-sm-6 col-md-6\">\n<div  class=\"description-container use-section-text-color\" data-type=\"column\">\n<h4  class=\"no-margin-bottom\">Heike Pahl<\/h4>\n<p  class=\"\">Vor ein paar Jahren habe ich erstaunt festgestellt, da\u00df es (neben allen bekannten Formen des Erz\u00e4hlens wie B\u00fccher, Theater etc) tats\u00e4chlich auch noch die alte Kunst des freien m\u00fcndlichen Erz\u00e4hlens gibt.Wie lebendig Geschichten werden, wenn man sie erz\u00e4hlt, hat mich begeistert und so dauerte es nicht lange, bis ich selber damit anfing.<\/p>\nDabei mag ich es, wenn ich Musik und Geschichten verbinden kann. Und wenn die Geschichte Raum f\u00fcr ein Lied bietet, so nutze ich diesen genauso gerne aus, wie ich \u201enur\u201c erz\u00e4hle.\nDas ist einer von vielen Gr\u00fcnden, warum ich das Kalevala mag. Dieses Epos wurde von Elias L\u00f6nnrodt aus den traditionellen Ges\u00e4ngen seiner finnischen Heimat zusammengetragen. Es ist Sprache gewordener Gesang. Durch seine Redaktion hat L\u00f6nnrodt aus etwas sehr altem etwas v\u00f6llig Neues geschaffen. Und so sch\u00f6n die Sprache ist, so ist sie auch alt. Durch das Erz\u00e4hlen werden die Mythen wieder aus ihrem Korsett befreit und von jedem Erz\u00e4hler auf seine pers\u00f6nliche Art ins Leben und ins Jetzt gerufen.\n<div  class=\"social-icons-group col-no-padding\" data-type=\"group\"><\/div>\n<\/div>\n<\/div>\n<\/div>\n<\/div>\n<\/div>\n<\/div>\n<\/div><div  id=\"kontakt\" class=\"contact-1 content-section content-section-spacing-large content-relative white-text\" style=\"background-image: url('http:\/\/kalevala-epos.de\/wp-content\/uploads\/2018\/07\/aurora-2232730_1280.jpg'); background-size: cover; background-position: center top;\" data-label=\"Kontakt\" data-id=\"contact-1\" data-export-id=\"contact-1\" data-category=\"contact\" data-parallax-depth=\"20\">\n<div  class=\"gridContainer\">\n<div  class=\"row text-center\">\n<div  class=\"section-title-col\" data-type=\"column\">\n<h2  class=\"\">Interesse? Schreibe uns eine Mail!<\/h2>\n<\/div>\n<\/div>\n<div  class=\"row text-center\">\n<div  class=\"col-xs-12 col-sm-8 col-sm-offset-2 contact-form-wrapper inline-info\">\n<div  class=\"card mdc-elevation--z3 col-padding-top\">\n<div  class=\"dark-text\" data-content-shortcode=\"materialis_contact_form shortcode=&quot;contact-form-7 id=&amp;amp;quot;132&amp;amp;quot; title=&amp;amp;quot;Kontaktformular 1&amp;amp;quot;&quot;\" data-editable=\"true\"><div role=\"form\" class=\"wpcf7\" id=\"wpcf7-f132-o1\" lang=\"de-DE\" dir=\"ltr\">\n<div class=\"screen-reader-response\"><p role=\"status\" aria-live=\"polite\" aria-atomic=\"true\"><\/p> <ul><\/ul><\/div>\n<form action=\"\/index.php?rest_route=%2Fwp%2Fv2%2Fpages%2F66#wpcf7-f132-o1\" method=\"post\" class=\"wpcf7-form init\" novalidate=\"novalidate\" data-status=\"init\">\n<div style=\"display: none;\">\n<input type=\"hidden\" name=\"_wpcf7\" value=\"132\" \/>\n<input type=\"hidden\" name=\"_wpcf7_version\" value=\"5.5.6\" \/>\n<input type=\"hidden\" name=\"_wpcf7_locale\" value=\"de_DE\" \/>\n<input type=\"hidden\" name=\"_wpcf7_unit_tag\" value=\"wpcf7-f132-o1\" \/>\n<input type=\"hidden\" name=\"_wpcf7_container_post\" value=\"0\" \/>\n<input type=\"hidden\" name=\"_wpcf7_posted_data_hash\" value=\"\" \/>\n<\/div>\n<p><label> Dein Name (Pflichtfeld)<br \/>\n    <span class=\"wpcf7-form-control-wrap your-name\"><input type=\"text\" name=\"your-name\" value=\"\" size=\"40\" class=\"wpcf7-form-control wpcf7-text wpcf7-validates-as-required\" aria-required=\"true\" aria-invalid=\"false\" \/><\/span> <\/label><\/p>\n<p><label> Deine E-Mail-Adresse (Pflichtfeld)<br \/>\n    <span class=\"wpcf7-form-control-wrap your-email\"><input type=\"email\" name=\"your-email\" value=\"\" size=\"40\" class=\"wpcf7-form-control wpcf7-text wpcf7-email wpcf7-validates-as-required wpcf7-validates-as-email\" aria-required=\"true\" aria-invalid=\"false\" \/><\/span> <\/label><\/p>\n<p><label> Betreff<br \/>\n    <span class=\"wpcf7-form-control-wrap your-subject\"><input type=\"text\" name=\"your-subject\" value=\"\" size=\"40\" class=\"wpcf7-form-control wpcf7-text\" aria-invalid=\"false\" \/><\/span> <\/label><\/p>\n<p><label> Deine Nachricht<br \/>\n    <span class=\"wpcf7-form-control-wrap your-message\"><textarea name=\"your-message\" cols=\"40\" rows=\"10\" class=\"wpcf7-form-control wpcf7-textarea\" aria-invalid=\"false\"><\/textarea><\/span> <\/label><\/p>\n<p><input type=\"submit\" value=\"Senden\" class=\"wpcf7-form-control has-spinner wpcf7-submit\" \/><\/p>\n<p style=\"display: none !important;\"><label>&#916;<textarea name=\"_wpcf7_ak_hp_textarea\" cols=\"45\" rows=\"8\" maxlength=\"100\"><\/textarea><\/label><input type=\"hidden\" id=\"ak_js_1\" name=\"_wpcf7_ak_js\" value=\"133\"\/><script>document.getElementById( \"ak_js_1\" ).setAttribute( \"value\", ( new Date() ).getTime() );<\/script><\/p><div class=\"wpcf7-response-output\" aria-hidden=\"true\"><\/div><\/form><\/div><\/div>\n<\/div>\n<\/div>\n<\/div>\n<\/div>\n<\/div>","protected":false},"excerpt":{"rendered":"","protected":false},"author":1,"featured_media":0,"parent":0,"menu_order":0,"comment_status":"closed","ping_status":"closed","template":"page-templates\/homepage.php","meta":[],"_links":{"self":[{"href":"http:\/\/kalevala-epos.de\/index.php?rest_route=\/wp\/v2\/pages\/66"}],"collection":[{"href":"http:\/\/kalevala-epos.de\/index.php?rest_route=\/wp\/v2\/pages"}],"about":[{"href":"http:\/\/kalevala-epos.de\/index.php?rest_route=\/wp\/v2\/types\/page"}],"author":[{"embeddable":true,"href":"http:\/\/kalevala-epos.de\/index.php?rest_route=\/wp\/v2\/users\/1"}],"replies":[{"embeddable":true,"href":"http:\/\/kalevala-epos.de\/index.php?rest_route=%2Fwp%2Fv2%2Fcomments&post=66"}],"version-history":[{"count":82,"href":"http:\/\/kalevala-epos.de\/index.php?rest_route=\/wp\/v2\/pages\/66\/revisions"}],"predecessor-version":[{"id":332,"href":"http:\/\/kalevala-epos.de\/index.php?rest_route=\/wp\/v2\/pages\/66\/revisions\/332"}],"wp:attachment":[{"href":"http:\/\/kalevala-epos.de\/index.php?rest_route=%2Fwp%2Fv2%2Fmedia&parent=66"}],"curies":[{"name":"wp","href":"https:\/\/api.w.org\/{rel}","templated":true}]}}